{"id":42475,"date":"2025-09-03T13:54:37","date_gmt":"2025-09-03T13:54:37","guid":{"rendered":"https:\/\/stg.visualarq.com\/project\/la-zona-naranja\/"},"modified":"2025-09-05T10:10:21","modified_gmt":"2025-09-05T10:10:21","slug":"the-orange-zone","status":"publish","type":"project","link":"https:\/\/stg.visualarq.com\/es\/project\/the-orange-zone\/","title":{"rendered":"La Zona Naranja"},"content":{"rendered":"\n<p>La Zona Naranja: un barrio socialmente conectado en Schieweg (Delft, Pa\u00edses Bajos) es el proyecto de tesis de m\u00e1ster de Arno Decorte.<\/p>\n\n<h3 class=\"wp-block-heading\">Descripci\u00f3n del proyecto<\/h3>\n\n<p>La actual crisis de la vivienda en los Pa\u00edses Bajos ofrece opciones limitadas a las personas mayores que desean envejecer manteniendo fuertes v\u00ednculos sociales. Mi tesis, La Zona Naranja, propone una nueva urbanizaci\u00f3n en Schieweg que fomente interacciones saludables entre las personas mayores y otros grupos demogr\u00e1ficos.<\/p>\n\n<p>Al replantearse la vivienda colectiva tradicional, el proyecto se centra en reforzar los lazos comunitarios. El dise\u00f1o gira en torno al n\u00facleo de circulaci\u00f3n -pasillos y escaleras- que, seg\u00fan los estudios, es donde se produce el 90% de las interacciones sociales. Al agrupar los espacios sociales en torno a estos n\u00facleos, el edificio fomenta el contacto social org\u00e1nico. El resultado es una serie de espacios comunes de doble altura compartidos por grupos de 20 apartamentos, que fomentan un sentimiento de propiedad y comunidad.<\/p>\n\n<p>El z\u00f3calo de la planta baja del edificio desempe\u00f1a un papel crucial para atraer tanto a los residentes como al p\u00fablico, equilibrando la apertura con la privacidad. La base de hormig\u00f3n, con fachadas de cristal transparente y una se\u00f1alizaci\u00f3n atractiva, se funde a la perfecci\u00f3n con el tejido urbano circundante, al tiempo que mantiene la propiedad de los residentes sobre su espacio.<\/p>\n\n<p>La exclusiva planta \u00abMariposa\u00bb activa los caminos a los apartamentos, creando improvisados puntos de encuentro en sus rincones y esquinas. Esta disposici\u00f3n, combinada con la ubicaci\u00f3n estrat\u00e9gica de familias y estudiantes en puntos clave, fomenta las interacciones interdemogr\u00e1ficas, haciendo de La Zona Naranja un espacio vibrante y socialmente conectado para envejecer en casa.<\/p>\n\n<p><\/p>\n\n<h3 class=\"wp-block-heading\">\u00bfC\u00f3mo ha contribuido VisualARQ al proyecto de desarrollo?<\/h3>\n\n<p><em>VisualARQ ha sido una pieza clave en el desarrollo de este proyecto, desde el principio hasta el final. Durante mucho tiempo, Rhino ha sido el software perfecto para desarrollar ideas gracias a su flexibilidad, flujo de trabajo intuitivo y capacidades param\u00e9tricas. Sin embargo, en t\u00e9rminos de ejecuci\u00f3n de proyectos arquitect\u00f3nicos, la falta de capacidades BIM siempre dejaba que desear. VisualARQ llena este vac\u00edo a la perfecci\u00f3n con la provisi\u00f3n de familias f\u00e1cilmente modificables y un conjunto de herramientas para extraer dibujos clave como secciones y planos de forma r\u00e1pida y sencilla, entre otras muchas herramientas \u00fatiles. En mi caso, <em>VisualARQ<\/em> se utiliz\u00f3 ampliamente para definir los detalles estructurales de la torre de madera y lo utilic\u00e9 para crear mi propia familia de muros, losas y pilares de madera. As\u00ed se cre\u00f3 un dise\u00f1o f\u00e1cilmente modificable y param\u00e9trico, que me ahorr\u00f3 mucho tiempo a medida que desarrollaba el dise\u00f1o tanto conceptual como t\u00e9cnicamente. Adem\u00e1s, tambi\u00e9n puedes crear tus propias familias param\u00e9tricas BIM, lo que result\u00f3 muy \u00fatil para crear las celos\u00edas que defin\u00edan la fachada sur.<\/em><\/p>\n\n<p><em>Sin embargo, la mejor herramienta que realmente dio vida al proyecto fue la herramienta de secciones. La secci\u00f3n de perspectiva es a menudo la tarea m\u00e1s complicada y, a la vez, la m\u00e1s gratificante para cualquier arquitecto. VisualARQ no s\u00f3lo me lo puso m\u00e1s f\u00e1cil, sino que tambi\u00e9n me dio mucho m\u00e1s control sobre lo que quer\u00eda extraer, gracias a la opci\u00f3n de visualizaci\u00f3n \u00abOculta\u00bb que me permite extraer l\u00edneas y vectores y colocarlos dentro de mi software de edici\u00f3n. Lo mejor de VisualARQ es que funciona perfectamente con otros programas como V-Ray y D5 Render, por lo que al utilizar el software BIM junto con estos se crea un flujo de trabajo perfecto para crear dibujos que nunca pens\u00e9 que ser\u00eda capaz de hacer. En general, recomiendo totalmente VisualARQ a los arquitectos que utilicen Rhino, para activar realmente las capacidades arquitect\u00f3nicas del software\u00bb.<\/em><\/p>\n\n<p>Cr\u00e9ditos: <a href=\"mailto:arnodecorte00@gmail.com\">Arno Decorte<\/a><\/p>\n<div class='mosaic-gallery'>  <a href='https:\/\/live.staticflickr.com\/65535\/54763159945_34869b8ec0_b.jpg'>    <img src='https:\/\/live.staticflickr.com\/65535\/54763159945_34869b8ec0.jpg' \/>  <\/a>  <a href='https:\/\/live.staticflickr.com\/65535\/54762819011_2148d42f80_b.jpg'>    <img src='https:\/\/live.staticflickr.com\/65535\/54762819011_2148d42f80.jpg' \/>  <\/a>  <a href='https:\/\/live.staticflickr.com\/65535\/54763160075_ab28f4f1f5_b.jpg'>    <img src='https:\/\/live.staticflickr.com\/65535\/54763160075_ab28f4f1f5.jpg' \/>  <\/a>  <a href='https:\/\/live.staticflickr.com\/65535\/54763057278_f9afc139cd_b.jpg'>    <img src='https:\/\/live.staticflickr.com\/65535\/54763057278_f9afc139cd.jpg' \/>  <\/a>  <a href='https:\/\/live.staticflickr.com\/65535\/54763057438_29521ce386_b.jpg'>    <img src='https:\/\/live.staticflickr.com\/65535\/54763057438_29521ce386.jpg' \/>  <\/a>  <a href='https:\/\/live.staticflickr.com\/65535\/54763057558_a5f948acfb_b.jpg'>    <img src='https:\/\/live.staticflickr.com\/65535\/54763057558_a5f948acfb.jpg' \/>  <\/a>  <a href='https:\/\/live.staticflickr.com\/65535\/54761971127_0703af77ab_b.jpg'>    <img src='https:\/\/live.staticflickr.com\/65535\/54761971127_0703af77ab.jpg' \/>  <\/a>  <a href='https:\/\/live.staticflickr.com\/65535\/54763057428_e1cf755649_b.jpg'>    <img src='https:\/\/live.staticflickr.com\/65535\/54763057428_e1cf755649.jpg' \/>  <\/a><\/div><p><a href='https:\/\/www.flickr.com\/photos\/visualarq\/albums\/72177720328782946\/' target=_blank>Visita la p\u00e1gina del \u00e1lbum de Flickr.<\/a><\/p>\n","protected":false},"excerpt":{"rendered":"<p>La Zona Naranja: un barrio socialmente conectado en Schieweg (Delft, Pa\u00edses Bajos) es el proyecto de tesis de m\u00e1ster de Arno Decorte. Descripci\u00f3n del proyecto La actual crisis de la vivienda en los Pa\u00edses Bajos ofrece opciones limitadas a las personas mayores que desean envejecer manteniendo fuertes v\u00ednculos sociales. Mi tesis, La Zona Naranja, propone [&hellip;]<\/p>\n","protected":false},"author":6,"featured_media":42443,"comment_status":"closed","ping_status":"closed","template":"","meta":{"_et_pb_use_builder":"","_et_pb_old_content":"","_et_gb_content_width":"","footnotes":""},"project_category":[],"project_tag":[],"class_list":["post-42475","project","type-project","status-publish","has-post-thumbnail","hentry"],"yoast_head":"<!-- This site is optimized with the Yoast SEO plugin v27.5 - https:\/\/yoast.com\/product\/yoast-seo-wordpress\/ -->\n<title>La Zona Naranja - VisualARQ<\/title>\n<meta name=\"robots\" content=\"noindex, follow, max-snippet:-1, max-image-preview:large, max-video-preview:-1\" \/>\n<meta property=\"og:locale\" content=\"es_ES\" \/>\n<meta property=\"og:type\" content=\"article\" \/>\n<meta property=\"og:title\" content=\"La Zona Naranja - VisualARQ\" \/>\n<meta property=\"og:description\" content=\"La Zona Naranja: un barrio socialmente conectado en Schieweg (Delft, Pa\u00edses Bajos) es el proyecto de tesis de m\u00e1ster de Arno Decorte. Descripci\u00f3n del proyecto La actual crisis de la vivienda en los Pa\u00edses Bajos ofrece opciones limitadas a las personas mayores que desean envejecer manteniendo fuertes v\u00ednculos sociales. Mi tesis, La Zona Naranja, propone [&hellip;]\" \/>\n<meta property=\"og:url\" content=\"https:\/\/stg.visualarq.com\/es\/project\/the-orange-zone\/\" \/>\n<meta property=\"og:site_name\" content=\"VisualARQ\" \/>\n<meta property=\"article:publisher\" content=\"https:\/\/www.facebook.com\/visualarq\" \/>\n<meta property=\"article:modified_time\" content=\"2025-09-05T10:10:21+00:00\" \/>\n<meta property=\"og:image\" content=\"https:\/\/stg.visualarq.com\/wp-content\/uploads\/2025\/09\/The-Orange-Zone-Arno-Decorte-Section-Conceptual-Thumbnail.png\" \/>\n\t<meta property=\"og:image:width\" content=\"400\" \/>\n\t<meta property=\"og:image:height\" content=\"250\" \/>\n\t<meta property=\"og:image:type\" content=\"image\/png\" \/>\n<meta name=\"twitter:card\" content=\"summary_large_image\" \/>\n<meta name=\"twitter:site\" content=\"@VisualARQ\" \/>\n<meta name=\"twitter:label1\" content=\"Tiempo de lectura\" \/>\n\t<meta name=\"twitter:data1\" content=\"3 minutos\" \/>\n<script type=\"application\/ld+json\" class=\"yoast-schema-graph\">{\"@context\":\"https:\\\/\\\/schema.org\",\"@graph\":[{\"@type\":\"WebPage\",\"@id\":\"https:\\\/\\\/stg.visualarq.com\\\/es\\\/project\\\/the-orange-zone\\\/\",\"url\":\"https:\\\/\\\/stg.visualarq.com\\\/es\\\/project\\\/the-orange-zone\\\/\",\"name\":\"La Zona Naranja - VisualARQ\",\"isPartOf\":{\"@id\":\"https:\\\/\\\/stg.visualarq.com\\\/es\\\/#website\"},\"primaryImageOfPage\":{\"@id\":\"https:\\\/\\\/stg.visualarq.com\\\/es\\\/project\\\/the-orange-zone\\\/#primaryimage\"},\"image\":{\"@id\":\"https:\\\/\\\/stg.visualarq.com\\\/es\\\/project\\\/the-orange-zone\\\/#primaryimage\"},\"thumbnailUrl\":\"https:\\\/\\\/stg.visualarq.com\\\/wp-content\\\/uploads\\\/2025\\\/09\\\/The-Orange-Zone-Arno-Decorte-Section-Conceptual-Thumbnail.png\",\"datePublished\":\"2025-09-03T13:54:37+00:00\",\"dateModified\":\"2025-09-05T10:10:21+00:00\",\"breadcrumb\":{\"@id\":\"https:\\\/\\\/stg.visualarq.com\\\/es\\\/project\\\/the-orange-zone\\\/#breadcrumb\"},\"inLanguage\":\"es\",\"potentialAction\":[{\"@type\":\"ReadAction\",\"target\":[\"https:\\\/\\\/stg.visualarq.com\\\/es\\\/project\\\/the-orange-zone\\\/\"]}]},{\"@type\":\"ImageObject\",\"inLanguage\":\"es\",\"@id\":\"https:\\\/\\\/stg.visualarq.com\\\/es\\\/project\\\/the-orange-zone\\\/#primaryimage\",\"url\":\"https:\\\/\\\/stg.visualarq.com\\\/wp-content\\\/uploads\\\/2025\\\/09\\\/The-Orange-Zone-Arno-Decorte-Section-Conceptual-Thumbnail.png\",\"contentUrl\":\"https:\\\/\\\/stg.visualarq.com\\\/wp-content\\\/uploads\\\/2025\\\/09\\\/The-Orange-Zone-Arno-Decorte-Section-Conceptual-Thumbnail.png\",\"width\":400,\"height\":250,\"caption\":\"Arno Decorte- The Orange Zone project with VisualARQ\"},{\"@type\":\"BreadcrumbList\",\"@id\":\"https:\\\/\\\/stg.visualarq.com\\\/es\\\/project\\\/the-orange-zone\\\/#breadcrumb\",\"itemListElement\":[{\"@type\":\"ListItem\",\"position\":1,\"name\":\"Home\",\"item\":\"https:\\\/\\\/stg.visualarq.com\\\/es\\\/home\\\/\"},{\"@type\":\"ListItem\",\"position\":2,\"name\":\"Proyectos\",\"item\":\"https:\\\/\\\/stg.visualarq.com\\\/es\\\/project\\\/\"},{\"@type\":\"ListItem\",\"position\":3,\"name\":\"La Zona Naranja\"}]},{\"@type\":\"WebSite\",\"@id\":\"https:\\\/\\\/stg.visualarq.com\\\/es\\\/#website\",\"url\":\"https:\\\/\\\/stg.visualarq.com\\\/es\\\/\",\"name\":\"VisualARQ\",\"description\":\"Flexible BIM for Rhino\",\"potentialAction\":[{\"@type\":\"SearchAction\",\"target\":{\"@type\":\"EntryPoint\",\"urlTemplate\":\"https:\\\/\\\/stg.visualarq.com\\\/es\\\/?s={search_term_string}\"},\"query-input\":{\"@type\":\"PropertyValueSpecification\",\"valueRequired\":true,\"valueName\":\"search_term_string\"}}],\"inLanguage\":\"es\"}]}<\/script>\n<!-- \/ Yoast SEO plugin. -->","yoast_head_json":{"title":"La Zona Naranja - VisualARQ","robots":{"index":"noindex","follow":"follow","max-snippet":"max-snippet:-1","max-image-preview":"max-image-preview:large","max-video-preview":"max-video-preview:-1"},"og_locale":"es_ES","og_type":"article","og_title":"La Zona Naranja - VisualARQ","og_description":"La Zona Naranja: un barrio socialmente conectado en Schieweg (Delft, Pa\u00edses Bajos) es el proyecto de tesis de m\u00e1ster de Arno Decorte. Descripci\u00f3n del proyecto La actual crisis de la vivienda en los Pa\u00edses Bajos ofrece opciones limitadas a las personas mayores que desean envejecer manteniendo fuertes v\u00ednculos sociales. Mi tesis, La Zona Naranja, propone [&hellip;]","og_url":"https:\/\/stg.visualarq.com\/es\/project\/the-orange-zone\/","og_site_name":"VisualARQ","article_publisher":"https:\/\/www.facebook.com\/visualarq","article_modified_time":"2025-09-05T10:10:21+00:00","og_image":[{"width":400,"height":250,"url":"https:\/\/stg.visualarq.com\/wp-content\/uploads\/2025\/09\/The-Orange-Zone-Arno-Decorte-Section-Conceptual-Thumbnail.png","type":"image\/png"}],"twitter_card":"summary_large_image","twitter_site":"@VisualARQ","twitter_misc":{"Tiempo de lectura":"3 minutos"},"schema":{"@context":"https:\/\/schema.org","@graph":[{"@type":"WebPage","@id":"https:\/\/stg.visualarq.com\/es\/project\/the-orange-zone\/","url":"https:\/\/stg.visualarq.com\/es\/project\/the-orange-zone\/","name":"La Zona Naranja - VisualARQ","isPartOf":{"@id":"https:\/\/stg.visualarq.com\/es\/#website"},"primaryImageOfPage":{"@id":"https:\/\/stg.visualarq.com\/es\/project\/the-orange-zone\/#primaryimage"},"image":{"@id":"https:\/\/stg.visualarq.com\/es\/project\/the-orange-zone\/#primaryimage"},"thumbnailUrl":"https:\/\/stg.visualarq.com\/wp-content\/uploads\/2025\/09\/The-Orange-Zone-Arno-Decorte-Section-Conceptual-Thumbnail.png","datePublished":"2025-09-03T13:54:37+00:00","dateModified":"2025-09-05T10:10:21+00:00","breadcrumb":{"@id":"https:\/\/stg.visualarq.com\/es\/project\/the-orange-zone\/#breadcrumb"},"inLanguage":"es","potentialAction":[{"@type":"ReadAction","target":["https:\/\/stg.visualarq.com\/es\/project\/the-orange-zone\/"]}]},{"@type":"ImageObject","inLanguage":"es","@id":"https:\/\/stg.visualarq.com\/es\/project\/the-orange-zone\/#primaryimage","url":"https:\/\/stg.visualarq.com\/wp-content\/uploads\/2025\/09\/The-Orange-Zone-Arno-Decorte-Section-Conceptual-Thumbnail.png","contentUrl":"https:\/\/stg.visualarq.com\/wp-content\/uploads\/2025\/09\/The-Orange-Zone-Arno-Decorte-Section-Conceptual-Thumbnail.png","width":400,"height":250,"caption":"Arno Decorte- The Orange Zone project with VisualARQ"},{"@type":"BreadcrumbList","@id":"https:\/\/stg.visualarq.com\/es\/project\/the-orange-zone\/#breadcrumb","itemListElement":[{"@type":"ListItem","position":1,"name":"Home","item":"https:\/\/stg.visualarq.com\/es\/home\/"},{"@type":"ListItem","position":2,"name":"Proyectos","item":"https:\/\/stg.visualarq.com\/es\/project\/"},{"@type":"ListItem","position":3,"name":"La Zona Naranja"}]},{"@type":"WebSite","@id":"https:\/\/stg.visualarq.com\/es\/#website","url":"https:\/\/stg.visualarq.com\/es\/","name":"VisualARQ","description":"Flexible BIM for Rhino","potentialAction":[{"@type":"SearchAction","target":{"@type":"EntryPoint","urlTemplate":"https:\/\/stg.visualarq.com\/es\/?s={search_term_string}"},"query-input":{"@type":"PropertyValueSpecification","valueRequired":true,"valueName":"search_term_string"}}],"inLanguage":"es"}]}},"_links":{"self":[{"href":"https:\/\/stg.visualarq.com\/es\/wp-json\/wp\/v2\/project\/42475","targetHints":{"allow":["GET"]}}],"collection":[{"href":"https:\/\/stg.visualarq.com\/es\/wp-json\/wp\/v2\/project"}],"about":[{"href":"https:\/\/stg.visualarq.com\/es\/wp-json\/wp\/v2\/types\/project"}],"author":[{"embeddable":true,"href":"https:\/\/stg.visualarq.com\/es\/wp-json\/wp\/v2\/users\/6"}],"replies":[{"embeddable":true,"href":"https:\/\/stg.visualarq.com\/es\/wp-json\/wp\/v2\/comments?post=42475"}],"version-history":[{"count":1,"href":"https:\/\/stg.visualarq.com\/es\/wp-json\/wp\/v2\/project\/42475\/revisions"}],"predecessor-version":[{"id":42476,"href":"https:\/\/stg.visualarq.com\/es\/wp-json\/wp\/v2\/project\/42475\/revisions\/42476"}],"wp:featuredmedia":[{"embeddable":true,"href":"https:\/\/stg.visualarq.com\/es\/wp-json\/wp\/v2\/media\/42443"}],"wp:attachment":[{"href":"https:\/\/stg.visualarq.com\/es\/wp-json\/wp\/v2\/media?parent=42475"}],"wp:term":[{"taxonomy":"project_category","embeddable":true,"href":"https:\/\/stg.visualarq.com\/es\/wp-json\/wp\/v2\/project_category?post=42475"},{"taxonomy":"project_tag","embeddable":true,"href":"https:\/\/stg.visualarq.com\/es\/wp-json\/wp\/v2\/project_tag?post=42475"}],"curies":[{"name":"wp","href":"https:\/\/api.w.org\/{rel}","templated":true}]}}