{"id":22214,"date":"2021-03-15T15:47:51","date_gmt":"2021-03-15T15:47:51","guid":{"rendered":"https:\/\/stg.visualarq.com\/project\/immeuble-vrille\/"},"modified":"2021-03-22T09:13:02","modified_gmt":"2021-03-22T09:13:02","slug":"twisted-building","status":"publish","type":"project","link":"https:\/\/stg.visualarq.com\/fr\/project\/twisted-building\/","title":{"rendered":"Immeuble vrill\u00e9"},"content":{"rendered":"<p>Ce projet pr\u00e9sente le travail de Gabriela Pinho, une \u00e9tudiante en Architecture et Urbanisme de l&rsquo;Universit\u00e9 F\u00e9d\u00e9rale de Santa Catarina, qui a re\u00e7u le troisi\u00e8me prix du Concours de conception BIM de VisualARQ pour \u00e9tudiants 2021.<\/p>\r\n\r\n\r\n<h3 class = \"my-3\">Description du projet<\/h3>\r\n\r\n<p><em>\u00ab\u00a0Le projet a \u00e9t\u00e9 r\u00e9alis\u00e9 dans le cadre des \u00e9tudes de premier cycle universitaire en architecture et urbanisme. L&rsquo;objectif \u00e9tait de concevoir un b\u00e2timent \u00e0 usage collectif, r\u00e9pondant aux demandes de la r\u00e9gion en appartements r\u00e9sidentiels et en espaces culturels pour une zone centrale de la ville de Florian\u00f3polis, Santa Catarina au Br\u00e9sil.\r\nLe terrain \u00e9tait situ\u00e9 \u00e0 l&rsquo;angle des rues Deputado Leoberto Leal et Presidente Nereu Ramos et de l&rsquo;avenue Osmar Cunha, dans un lieu entour\u00e9 de boutiques, restaurants, bars et caf\u00e9s et proche du centre historique de la ville.\r\nLe projet a d\u00e9but\u00e9 par la torsion de l&rsquo;axe principal de la tour. La tour poss\u00e8de 10 \u00e9tages, avec des appartements mono et multi-familles. Les murs internes et les murs divisant chaque appartement sont plac\u00e9s diff\u00e9remment \u00e0 chaque \u00e9tage en fonction de la rotation du b\u00e2timent autour de l&rsquo;axe de torsion, cr\u00e9ant ainsi diverses configurations d&rsquo;am\u00e9nagement. Le projet est compl\u00e9t\u00e9 par quatre \u00e9tages \u00e0 usage collectif et un parking.\u00a0\u00bb<\/em><\/p>\r\n\r\n<p><em>\u00ab\u00a0La structure du b\u00e2timent, en b\u00e9ton arm\u00e9, est compos\u00e9e de 5 poteaux de 0,80 m, un axe rigide au niveau des escaliers (situ\u00e9s au centre de la tour) et les dalles nervur\u00e9es. Ce type de dalle permet d&rsquo;avoir des intervalles plus grands et de r\u00e9duire le poids de la structure elle-m\u00eame. Au niveau des \u00e9tages \u00e0 usage collectif, une structure compos\u00e9e de poutres et poteaux en b\u00e9ton a \u00e9t\u00e9 choisie. \r\nLe rez-de-chauss\u00e9e, marqu\u00e9 par les deux entr\u00e9es principales du b\u00e2timent, accueille les activit\u00e9s collectives. Dans ces espaces, les activit\u00e9s culturelles peuvent se d\u00e9rouler dans des espaces ouverts ou dans les diff\u00e9rentes pi\u00e8ces disponibles. Un autre espace est destin\u00e9 au mus\u00e9e ainsi qu&rsquo;aux expositions ext\u00e9rieures dans les parcs interm\u00e9diaires.\u00a0\u00bb<\/em><\/p>\r\n\r\n<h3 class = \"my-3\">Comment VisualARQ a-t-il contribu\u00e9 \u00e0 ce projet ?<\/h3>\r\n<p><em>\u00ab\u00a0VisualARQ a \u00e9t\u00e9 utilis\u00e9 d\u00e8s les pr\u00e9mices de la conception. Depuis le mod\u00e8le initial g\u00e9n\u00e9r\u00e9 avec un mod\u00e8le physique, le projet a \u00e9t\u00e9 enti\u00e8rement con\u00e7u avec VisualARQ, qui nous a permis d&rsquo;obtenir le meilleur r\u00e9sultat au niveau de la forme.<\/em><\/p>\r\n<p><em>\r\nAfin de d\u00e9finir la direction de rotation du b\u00e2timent en tenant compte de l&rsquo;implantation du terrain dans une r\u00e9gion centrale \u00e0 fort taux d&rsquo;occupation, des essais ont \u00e9t\u00e9 r\u00e9alis\u00e9s dans Grasshopper. Dans cet objectif, il a \u00e9t\u00e9 choisi d&rsquo;utiliser des dalles param\u00e9triques afin de permettre de choisir la position permettant un meilleur ensoleillement et une ventilation plus adapt\u00e9e. \r\nAutre point important quant \u00e0 la contribution de VisualARQ au projet, les dalles nervur\u00e9es ont pu \u00eatre g\u00e9n\u00e9r\u00e9es en respectant la position de rotation de chaque \u00e9tage. La param\u00e9trisation des dalles a permis de g\u00e9n\u00e9rer de mani\u00e8re optimale les poutres transversales et longitudinales composant les nervures des dalles. Les composants de VisualARQ ont \u00e9t\u00e9 utilis\u00e9s dans Grasshopper \u00e0 cet effet.\r\nL&rsquo;outil a ainsi permis d&rsquo;\u00e9tudier exhaustivement l&rsquo;id\u00e9e initiale du projet, contribuant \u00e0 la r\u00e9alisation des diff\u00e9rentes formes de la tour et du reste du b\u00e2timent.<\/em><\/p>\r\n\r\n<p><em>La documentation dynamique a permet de g\u00e9n\u00e9rer les plans techniques de mani\u00e8re rapide et pr\u00e9cise tout en permettant l&rsquo;actualisation des dessins \u00e0 tout moment en fonction des besoins. La mod\u00e9lisation BIM a \u00e9galement permis d&rsquo;identifier les probl\u00e8mes de conception tout au long du d\u00e9veloppement et une meilleure pr\u00e9cision du r\u00e9sultat final.\u00a0\u00bb<\/em><\/p>\r\n\r\n<p>Auteur : Gabriela Pinho Mallmann &#8211; \u00e9tudiante en architecture et urbanisme, responsable de la conception et du d\u00e9veloppement du projet. (<a href=\"https:\/\/www.instagram.com\/gabriela__mallmann\/?hl=pt-br \">Instagram<\/a>, (<a href=\"mailto:gabrielapinhomallmann@gmail.com\">contact<\/a>))<\/p>\r\n<p>Collaborateurs : Pedro Oscar Pizzetti  Mariano (architecte &#8211; <a href=\"https:\/\/studiosetarchi.com.br\/ \">Studioset<\/a>) et Ricardo Socas Wiese (Professeur d&rsquo;architecture et urbanisme \u00e0 l&rsquo;Universit\u00e9 f\u00e9d\u00e9rale de Santa Catarina)<\/p>\r\n\r\n\r\n<div class='mosaic-gallery'>  <a href='https:\/\/live.staticflickr.com\/65535\/51039749027_0a80c93b58_b.jpg'>    <img src='https:\/\/live.staticflickr.com\/65535\/51039749027_0a80c93b58.jpg' \/>  <\/a>  <a href='https:\/\/live.staticflickr.com\/65535\/51039748972_0e5b96a8c4_b.jpg'>    <img src='https:\/\/live.staticflickr.com\/65535\/51039748972_0e5b96a8c4.jpg' \/>  <\/a>  <a href='https:\/\/live.staticflickr.com\/65535\/51039654531_63434c6202_b.jpg'>    <img src='https:\/\/live.staticflickr.com\/65535\/51039654531_63434c6202.jpg' \/>  <\/a>  <a href='https:\/\/live.staticflickr.com\/65535\/51038925378_1f3e77b297_b.jpg'>    <img src='https:\/\/live.staticflickr.com\/65535\/51038925378_1f3e77b297.jpg' \/>  <\/a>  <a href='https:\/\/live.staticflickr.com\/65535\/51038925303_773688d443_b.jpg'>    <img src='https:\/\/live.staticflickr.com\/65535\/51038925303_773688d443.jpg' \/>  <\/a>  <a href='https:\/\/live.staticflickr.com\/65535\/51038925298_2ef00a2e5f_b.jpg'>    <img src='https:\/\/live.staticflickr.com\/65535\/51038925298_2ef00a2e5f.jpg' \/>  <\/a>  <a href='https:\/\/live.staticflickr.com\/65535\/51038925263_920c9e3c4f_b.jpg'>    <img src='https:\/\/live.staticflickr.com\/65535\/51038925263_920c9e3c4f.jpg' \/>  <\/a>  <a href='https:\/\/live.staticflickr.com\/65535\/51038925203_9a2536c86e_b.jpg'>    <img src='https:\/\/live.staticflickr.com\/65535\/51038925203_9a2536c86e.jpg' \/>  <\/a>  <a href='https:\/\/live.staticflickr.com\/65535\/51039748772_1d9eb5e0bb_b.jpg'>    <img src='https:\/\/live.staticflickr.com\/65535\/51039748772_1d9eb5e0bb.jpg' \/>  <\/a>  <a href='https:\/\/live.staticflickr.com\/65535\/51038925148_69862010e8_b.jpg'>    <img src='https:\/\/live.staticflickr.com\/65535\/51038925148_69862010e8.jpg' \/>  <\/a>  <a href='https:\/\/live.staticflickr.com\/65535\/51038925063_bea26d87e7_b.jpg'>    <img src='https:\/\/live.staticflickr.com\/65535\/51038925063_bea26d87e7.jpg' \/>  <\/a>  <a href='https:\/\/live.staticflickr.com\/65535\/51039654021_9f79e09f36_b.jpg'>    <img src='https:\/\/live.staticflickr.com\/65535\/51039654021_9f79e09f36.jpg' \/>  <\/a>  <a href='https:\/\/live.staticflickr.com\/65535\/51039748562_23eeaa34e8_b.jpg'>    <img src='https:\/\/live.staticflickr.com\/65535\/51039748562_23eeaa34e8.jpg' \/>  <\/a>  <a href='https:\/\/live.staticflickr.com\/65535\/51039654116_2483928952_b.jpg'>    <img src='https:\/\/live.staticflickr.com\/65535\/51039654116_2483928952.jpg' \/>  <\/a>  <a href='https:\/\/live.staticflickr.com\/65535\/51038925093_335755736f_b.jpg'>    <img src='https:\/\/live.staticflickr.com\/65535\/51038925093_335755736f.jpg' \/>  <\/a>  <a href='https:\/\/live.staticflickr.com\/65535\/51039748742_f28e307c4d_b.jpg'>    <img src='https:\/\/live.staticflickr.com\/65535\/51039748742_f28e307c4d.jpg' \/>  <\/a><\/div><p><a href='https:\/\/www.flickr.com\/photos\/visualarq\/albums\/72157718658021887\/' target=_blank>Visitez la page de l'album Flickr<\/a><\/p> ","protected":false},"excerpt":{"rendered":"<p>Ce projet pr\u00e9sente le travail de Gabriela Pinho, une \u00e9tudiante en Architecture et Urbanisme de l&rsquo;Universit\u00e9 F\u00e9d\u00e9rale de Santa Catarina, qui a re\u00e7u le troisi\u00e8me prix du Concours de conception BIM de VisualARQ pour \u00e9tudiants 2021. Description du projet \u00ab\u00a0Le projet a \u00e9t\u00e9 r\u00e9alis\u00e9 dans le cadre des \u00e9tudes de premier cycle universitaire en architecture [&hellip;]<\/p>\n","protected":false},"author":6,"featured_media":22168,"comment_status":"closed","ping_status":"closed","template":"","meta":{"_et_pb_use_builder":"","_et_pb_old_content":"","_et_gb_content_width":"","footnotes":""},"project_category":[],"project_tag":[],"class_list":["post-22214","project","type-project","status-publish","has-post-thumbnail","hentry"],"yoast_head":"<!-- This site is optimized with the Yoast SEO plugin v27.5 - https:\/\/yoast.com\/product\/yoast-seo-wordpress\/ -->\n<title>Immeuble vrill\u00e9 - VisualARQ<\/title>\n<meta name=\"robots\" content=\"noindex, follow, max-snippet:-1, max-image-preview:large, max-video-preview:-1\" \/>\n<meta property=\"og:locale\" content=\"fr_FR\" \/>\n<meta property=\"og:type\" content=\"article\" \/>\n<meta property=\"og:title\" content=\"Immeuble vrill\u00e9 - VisualARQ\" \/>\n<meta property=\"og:description\" content=\"Ce projet pr\u00e9sente le travail de Gabriela Pinho, une \u00e9tudiante en Architecture et Urbanisme de l&rsquo;Universit\u00e9 F\u00e9d\u00e9rale de Santa Catarina, qui a re\u00e7u le troisi\u00e8me prix du Concours de conception BIM de VisualARQ pour \u00e9tudiants 2021. Description du projet \u00ab\u00a0Le projet a \u00e9t\u00e9 r\u00e9alis\u00e9 dans le cadre des \u00e9tudes de premier cycle universitaire en architecture [&hellip;]\" \/>\n<meta property=\"og:url\" content=\"https:\/\/stg.visualarq.com\/fr\/project\/twisted-building\/\" \/>\n<meta property=\"og:site_name\" content=\"VisualARQ\" \/>\n<meta property=\"article:publisher\" content=\"https:\/\/www.facebook.com\/visualarq\" \/>\n<meta property=\"article:modified_time\" content=\"2021-03-22T09:13:02+00:00\" \/>\n<meta property=\"og:image\" content=\"https:\/\/stg.visualarq.com\/wp-content\/uploads\/2021\/03\/Twisted-Tower-Gabriela-Pinho.jpg\" \/>\n\t<meta property=\"og:image:width\" content=\"400\" \/>\n\t<meta property=\"og:image:height\" content=\"250\" \/>\n\t<meta property=\"og:image:type\" content=\"image\/jpeg\" \/>\n<meta name=\"twitter:card\" content=\"summary_large_image\" \/>\n<meta name=\"twitter:site\" content=\"@VisualARQ\" \/>\n<meta name=\"twitter:label1\" content=\"Dur\u00e9e de lecture estim\u00e9e\" \/>\n\t<meta name=\"twitter:data1\" content=\"3 minutes\" \/>\n<script type=\"application\/ld+json\" class=\"yoast-schema-graph\">{\"@context\":\"https:\\\/\\\/schema.org\",\"@graph\":[{\"@type\":\"WebPage\",\"@id\":\"https:\\\/\\\/stg.visualarq.com\\\/fr\\\/project\\\/twisted-building\\\/\",\"url\":\"https:\\\/\\\/stg.visualarq.com\\\/fr\\\/project\\\/twisted-building\\\/\",\"name\":\"Immeuble vrill\u00e9 - VisualARQ\",\"isPartOf\":{\"@id\":\"https:\\\/\\\/stg.visualarq.com\\\/fr\\\/#website\"},\"primaryImageOfPage\":{\"@id\":\"https:\\\/\\\/stg.visualarq.com\\\/fr\\\/project\\\/twisted-building\\\/#primaryimage\"},\"image\":{\"@id\":\"https:\\\/\\\/stg.visualarq.com\\\/fr\\\/project\\\/twisted-building\\\/#primaryimage\"},\"thumbnailUrl\":\"https:\\\/\\\/stg.visualarq.com\\\/wp-content\\\/uploads\\\/2021\\\/03\\\/Twisted-Tower-Gabriela-Pinho.jpg\",\"datePublished\":\"2021-03-15T15:47:51+00:00\",\"dateModified\":\"2021-03-22T09:13:02+00:00\",\"breadcrumb\":{\"@id\":\"https:\\\/\\\/stg.visualarq.com\\\/fr\\\/project\\\/twisted-building\\\/#breadcrumb\"},\"inLanguage\":\"fr-FR\",\"potentialAction\":[{\"@type\":\"ReadAction\",\"target\":[\"https:\\\/\\\/stg.visualarq.com\\\/fr\\\/project\\\/twisted-building\\\/\"]}]},{\"@type\":\"ImageObject\",\"inLanguage\":\"fr-FR\",\"@id\":\"https:\\\/\\\/stg.visualarq.com\\\/fr\\\/project\\\/twisted-building\\\/#primaryimage\",\"url\":\"https:\\\/\\\/stg.visualarq.com\\\/wp-content\\\/uploads\\\/2021\\\/03\\\/Twisted-Tower-Gabriela-Pinho.jpg\",\"contentUrl\":\"https:\\\/\\\/stg.visualarq.com\\\/wp-content\\\/uploads\\\/2021\\\/03\\\/Twisted-Tower-Gabriela-Pinho.jpg\",\"width\":400,\"height\":250,\"caption\":\"Twisted building Gabriela Pinho\"},{\"@type\":\"BreadcrumbList\",\"@id\":\"https:\\\/\\\/stg.visualarq.com\\\/fr\\\/project\\\/twisted-building\\\/#breadcrumb\",\"itemListElement\":[{\"@type\":\"ListItem\",\"position\":1,\"name\":\"Home\",\"item\":\"https:\\\/\\\/stg.visualarq.com\\\/fr\\\/home\\\/\"},{\"@type\":\"ListItem\",\"position\":2,\"name\":\"Projets\",\"item\":\"https:\\\/\\\/stg.visualarq.com\\\/fr\\\/project\\\/\"},{\"@type\":\"ListItem\",\"position\":3,\"name\":\"Immeuble vrill\u00e9\"}]},{\"@type\":\"WebSite\",\"@id\":\"https:\\\/\\\/stg.visualarq.com\\\/fr\\\/#website\",\"url\":\"https:\\\/\\\/stg.visualarq.com\\\/fr\\\/\",\"name\":\"VisualARQ\",\"description\":\"Flexible BIM for Rhino\",\"potentialAction\":[{\"@type\":\"SearchAction\",\"target\":{\"@type\":\"EntryPoint\",\"urlTemplate\":\"https:\\\/\\\/stg.visualarq.com\\\/fr\\\/?s={search_term_string}\"},\"query-input\":{\"@type\":\"PropertyValueSpecification\",\"valueRequired\":true,\"valueName\":\"search_term_string\"}}],\"inLanguage\":\"fr-FR\"}]}<\/script>\n<!-- \/ Yoast SEO plugin. -->","yoast_head_json":{"title":"Immeuble vrill\u00e9 - VisualARQ","robots":{"index":"noindex","follow":"follow","max-snippet":"max-snippet:-1","max-image-preview":"max-image-preview:large","max-video-preview":"max-video-preview:-1"},"og_locale":"fr_FR","og_type":"article","og_title":"Immeuble vrill\u00e9 - VisualARQ","og_description":"Ce projet pr\u00e9sente le travail de Gabriela Pinho, une \u00e9tudiante en Architecture et Urbanisme de l&rsquo;Universit\u00e9 F\u00e9d\u00e9rale de Santa Catarina, qui a re\u00e7u le troisi\u00e8me prix du Concours de conception BIM de VisualARQ pour \u00e9tudiants 2021. Description du projet \u00ab\u00a0Le projet a \u00e9t\u00e9 r\u00e9alis\u00e9 dans le cadre des \u00e9tudes de premier cycle universitaire en architecture [&hellip;]","og_url":"https:\/\/stg.visualarq.com\/fr\/project\/twisted-building\/","og_site_name":"VisualARQ","article_publisher":"https:\/\/www.facebook.com\/visualarq","article_modified_time":"2021-03-22T09:13:02+00:00","og_image":[{"width":400,"height":250,"url":"https:\/\/stg.visualarq.com\/wp-content\/uploads\/2021\/03\/Twisted-Tower-Gabriela-Pinho.jpg","type":"image\/jpeg"}],"twitter_card":"summary_large_image","twitter_site":"@VisualARQ","twitter_misc":{"Dur\u00e9e de lecture estim\u00e9e":"3 minutes"},"schema":{"@context":"https:\/\/schema.org","@graph":[{"@type":"WebPage","@id":"https:\/\/stg.visualarq.com\/fr\/project\/twisted-building\/","url":"https:\/\/stg.visualarq.com\/fr\/project\/twisted-building\/","name":"Immeuble vrill\u00e9 - VisualARQ","isPartOf":{"@id":"https:\/\/stg.visualarq.com\/fr\/#website"},"primaryImageOfPage":{"@id":"https:\/\/stg.visualarq.com\/fr\/project\/twisted-building\/#primaryimage"},"image":{"@id":"https:\/\/stg.visualarq.com\/fr\/project\/twisted-building\/#primaryimage"},"thumbnailUrl":"https:\/\/stg.visualarq.com\/wp-content\/uploads\/2021\/03\/Twisted-Tower-Gabriela-Pinho.jpg","datePublished":"2021-03-15T15:47:51+00:00","dateModified":"2021-03-22T09:13:02+00:00","breadcrumb":{"@id":"https:\/\/stg.visualarq.com\/fr\/project\/twisted-building\/#breadcrumb"},"inLanguage":"fr-FR","potentialAction":[{"@type":"ReadAction","target":["https:\/\/stg.visualarq.com\/fr\/project\/twisted-building\/"]}]},{"@type":"ImageObject","inLanguage":"fr-FR","@id":"https:\/\/stg.visualarq.com\/fr\/project\/twisted-building\/#primaryimage","url":"https:\/\/stg.visualarq.com\/wp-content\/uploads\/2021\/03\/Twisted-Tower-Gabriela-Pinho.jpg","contentUrl":"https:\/\/stg.visualarq.com\/wp-content\/uploads\/2021\/03\/Twisted-Tower-Gabriela-Pinho.jpg","width":400,"height":250,"caption":"Twisted building Gabriela Pinho"},{"@type":"BreadcrumbList","@id":"https:\/\/stg.visualarq.com\/fr\/project\/twisted-building\/#breadcrumb","itemListElement":[{"@type":"ListItem","position":1,"name":"Home","item":"https:\/\/stg.visualarq.com\/fr\/home\/"},{"@type":"ListItem","position":2,"name":"Projets","item":"https:\/\/stg.visualarq.com\/fr\/project\/"},{"@type":"ListItem","position":3,"name":"Immeuble vrill\u00e9"}]},{"@type":"WebSite","@id":"https:\/\/stg.visualarq.com\/fr\/#website","url":"https:\/\/stg.visualarq.com\/fr\/","name":"VisualARQ","description":"Flexible BIM for Rhino","potentialAction":[{"@type":"SearchAction","target":{"@type":"EntryPoint","urlTemplate":"https:\/\/stg.visualarq.com\/fr\/?s={search_term_string}"},"query-input":{"@type":"PropertyValueSpecification","valueRequired":true,"valueName":"search_term_string"}}],"inLanguage":"fr-FR"}]}},"_links":{"self":[{"href":"https:\/\/stg.visualarq.com\/fr\/wp-json\/wp\/v2\/project\/22214","targetHints":{"allow":["GET"]}}],"collection":[{"href":"https:\/\/stg.visualarq.com\/fr\/wp-json\/wp\/v2\/project"}],"about":[{"href":"https:\/\/stg.visualarq.com\/fr\/wp-json\/wp\/v2\/types\/project"}],"author":[{"embeddable":true,"href":"https:\/\/stg.visualarq.com\/fr\/wp-json\/wp\/v2\/users\/6"}],"replies":[{"embeddable":true,"href":"https:\/\/stg.visualarq.com\/fr\/wp-json\/wp\/v2\/comments?post=22214"}],"version-history":[{"count":0,"href":"https:\/\/stg.visualarq.com\/fr\/wp-json\/wp\/v2\/project\/22214\/revisions"}],"wp:featuredmedia":[{"embeddable":true,"href":"https:\/\/stg.visualarq.com\/fr\/wp-json\/wp\/v2\/media\/22168"}],"wp:attachment":[{"href":"https:\/\/stg.visualarq.com\/fr\/wp-json\/wp\/v2\/media?parent=22214"}],"wp:term":[{"taxonomy":"project_category","embeddable":true,"href":"https:\/\/stg.visualarq.com\/fr\/wp-json\/wp\/v2\/project_category?post=22214"},{"taxonomy":"project_tag","embeddable":true,"href":"https:\/\/stg.visualarq.com\/fr\/wp-json\/wp\/v2\/project_tag?post=22214"}],"curies":[{"name":"wp","href":"https:\/\/api.w.org\/{rel}","templated":true}]}}