{"id":3507,"date":"2017-04-09T00:00:00","date_gmt":"2017-04-09T00:00:00","guid":{"rendered":"https:\/\/stg.visualarq.com\/project\/faro-de-bibione-andrea-gavagnin\/"},"modified":"2019-01-01T22:39:49","modified_gmt":"2019-01-01T22:39:49","slug":"faro-de-bibione-andrea-gavagnin","status":"publish","type":"project","link":"https:\/\/stg.visualarq.com\/fr\/project\/faro-de-bibione-andrea-gavagnin\/","title":{"rendered":"Phare de Bibione, par Andrea Gavagnin"},"content":{"rendered":"Ce projet montre le travail de Andrea Gavagnin, un architecte italien qui recr\u00e9e virtuellement des b\u00e2timents existants en collaboration avec l\u2019architecte Cristian Boscaro.\n\nAndrea et Cristian ont pr\u00e9sent\u00e9 ce projet lors du 11e RhinoDay de Padova, le 14 novembre 2015. Lors de cette pr\u00e9sentation ils ont montr\u00e9 comment Rhino, VisualARQ et Arena 4D les ont aid\u00e9 \u00e0 am\u00e9liorer le processus de travail dans leurs projets.\n\nLe projet du phare de Bibione a \u00e9t\u00e9 con\u00e7u pour tester et \u00e9valuer l\u2019efficacit\u00e9 de VisualARQ et Arena 4D.\n\nLe module Arena 4D a \u00e9t\u00e9 utilis\u00e9 pour visualiser, dans Rhino, un nuage de points obtenu \u00e0 partir d\u2019un scan 3D.\n\nVisualARQ a fait le reste :\n<ul>\n \t<li>Recr\u00e9er le b\u00e2timent existant \u00e0 partir du nuage de points en utilisant des\u00a0<a class=\"button\" href=\"https:\/\/stg.visualarq.com\/fr\/?page_id=26747\">\u00e9l\u00e9ments de BIM<\/a>.<\/li>\n \t<li>G\u00e9n\u00e9rer les dessins de\u00a0<a class=\"button\" href=\"https:\/\/stg.visualarq.com\/fr\/features\/documentation-tools\/\">documentation 2D<\/a>.<\/li>\n \t<li>Livrer un\u00a0<a class=\"button\" href=\"https:\/\/stg.visualarq.com\/fr\/features\/collaboration\/ifc\/\">mod\u00e8le BIM fini au format IFC<\/a>\u00a0pouvant \u00eatre utilis\u00e9 dans d\u2019autres progiciels tels que Revit.<\/li>\n<\/ul>\nLe ma\u00eetre d\u2019ouvrage responsable du projet du phare a demand\u00e9 la production des dessins de documentation (4 plans au sol, 4 \u00e9l\u00e9vations et 2 sections) du b\u00e2timent scann\u00e9.\n\nEn utilisant les techniques traditionnelles pour la g\u00e9n\u00e9ration de ces dessins en plan (AutoCAD pour les dessins 2D et le module Leica Cloudworks pour importer le nuage de points \u00e0 partir du scanner), Andrea a termin\u00e9 le travail en 4 \u00e0 5 jours.\n\nEn revanche, l\u2019utilisation de Rhino, VisualARQ et Arena 4D, a permis la production de ces dessins en seulement un jour et demi.\n\nOutre le gain de temps, Andrea met en avant d\u2019autres avantages importants par rapport \u00e0 l\u2019utilisation de VisualARQ avec Rhino dans ses projets\u00a0:\n<ol>\n \t<li>La vitesse de mod\u00e9lisation du b\u00e2timent en 3D en utilisant les objets architecturaux param\u00e9triques de VisualARQ.<\/li>\n \t<li>La possibilit\u00e9 d\u2019obtenir tous les plans n\u00e9cessaires (sections, plans au sol et \u00e9l\u00e9vations) \u00e0 partir du mod\u00e8le 3D. Les plans sont li\u00e9s au mod\u00e8le et sont actualis\u00e9s apr\u00e8s chaque modification. Vous n\u2019avez plus besoin de les redessiner.<\/li>\n \t<li>La flexibilit\u00e9 de mod\u00e9lisation des \u00e9l\u00e9ments complexes qui auraient \u00e9t\u00e9 difficiles \u00e0 g\u00e9rer dans d\u2019autres progiciels.<\/li>\n \t<li>L\u2019option de cr\u00e9er des portes et fen\u00eatres \u00e0 partir de courbes 2D, gr\u00e2ce \u00e0 la commande de cr\u00e9ation d\u2019ouvertures \u00e0 partir de courbes.<\/li>\n<\/ol>\n<div class='mosaic-gallery'>  <a href=''>    <img src='https:\/\/live.staticflickr.com\/746\/23112985755_317856426b.jpg' \/>  <\/a>  <a href=''>    <img src='https:\/\/live.staticflickr.com\/676\/22694574008_18c92667b0.jpg' \/>  <\/a>  <a href='https:\/\/live.staticflickr.com\/5720\/23087018336_60bf9f4eda_b.jpg'>    <img src='https:\/\/live.staticflickr.com\/5720\/23087018336_60bf9f4eda.jpg' \/>  <\/a>  <a href='https:\/\/live.staticflickr.com\/5777\/22720808909_038839974c_b.jpg'>    <img src='https:\/\/live.staticflickr.com\/5777\/22720808909_038839974c.jpg' \/>  <\/a>  <a href='https:\/\/live.staticflickr.com\/563\/23087018396_bd7d72699d_b.jpg'>    <img src='https:\/\/live.staticflickr.com\/563\/23087018396_bd7d72699d.jpg' \/>  <\/a><\/div><p><a href='https:\/\/www.flickr.com\/photos\/visualarq\/albums\/72157661332520662\/' target=_blank>Visitez la page de l'album Flickr<\/a><\/p>","protected":false},"excerpt":{"rendered":"<p>Ce projet montre le travail de Andrea Gavagnin, un architecte italien qui recr\u00e9e virtuellement des b\u00e2timents existants en collaboration avec l\u2019architecte Cristian Boscaro. Andrea et Cristian ont pr\u00e9sent\u00e9 ce projet lors du 11e RhinoDay de Padova, le 14 novembre 2015. Lors de cette pr\u00e9sentation ils ont montr\u00e9 comment Rhino, VisualARQ et Arena 4D les ont [&hellip;]<\/p>\n","protected":false},"author":5,"featured_media":2802,"comment_status":"closed","ping_status":"closed","template":"","meta":{"_et_pb_use_builder":"","_et_pb_old_content":"","_et_gb_content_width":"","footnotes":""},"project_category":[],"project_tag":[],"class_list":["post-3507","project","type-project","status-publish","has-post-thumbnail","hentry"],"yoast_head":"<!-- This site is optimized with the Yoast SEO plugin v27.5 - https:\/\/yoast.com\/product\/yoast-seo-wordpress\/ -->\n<title>Phare de Bibione, par Andrea Gavagnin - VisualARQ<\/title>\n<meta name=\"robots\" content=\"noindex, follow, max-snippet:-1, max-image-preview:large, max-video-preview:-1\" \/>\n<meta property=\"og:locale\" content=\"fr_FR\" \/>\n<meta property=\"og:type\" content=\"article\" \/>\n<meta property=\"og:title\" content=\"Phare de Bibione, par Andrea Gavagnin - VisualARQ\" \/>\n<meta property=\"og:description\" content=\"Ce projet montre le travail de Andrea Gavagnin, un architecte italien qui recr\u00e9e virtuellement des b\u00e2timents existants en collaboration avec l\u2019architecte Cristian Boscaro. Andrea et Cristian ont pr\u00e9sent\u00e9 ce projet lors du 11e RhinoDay de Padova, le 14 novembre 2015. Lors de cette pr\u00e9sentation ils ont montr\u00e9 comment Rhino, VisualARQ et Arena 4D les ont [&hellip;]\" \/>\n<meta property=\"og:url\" content=\"https:\/\/stg.visualarq.com\/fr\/project\/faro-de-bibione-andrea-gavagnin\/\" \/>\n<meta property=\"og:site_name\" content=\"VisualARQ\" \/>\n<meta property=\"article:publisher\" content=\"https:\/\/www.facebook.com\/visualarq\" \/>\n<meta property=\"article:modified_time\" content=\"2019-01-01T22:39:49+00:00\" \/>\n<meta property=\"og:image\" content=\"https:\/\/stg.visualarq.com\/wp-content\/uploads\/2019\/01\/23112985755_317856426b_z.jpg\" \/>\n\t<meta property=\"og:image:width\" content=\"640\" \/>\n\t<meta property=\"og:image:height\" content=\"476\" \/>\n\t<meta property=\"og:image:type\" content=\"image\/jpeg\" \/>\n<meta name=\"twitter:card\" content=\"summary_large_image\" \/>\n<meta name=\"twitter:site\" content=\"@VisualARQ\" \/>\n<meta name=\"twitter:label1\" content=\"Dur\u00e9e de lecture estim\u00e9e\" \/>\n\t<meta name=\"twitter:data1\" content=\"2 minutes\" \/>\n<script type=\"application\/ld+json\" class=\"yoast-schema-graph\">{\"@context\":\"https:\\\/\\\/schema.org\",\"@graph\":[{\"@type\":\"WebPage\",\"@id\":\"https:\\\/\\\/stg.visualarq.com\\\/fr\\\/project\\\/faro-de-bibione-andrea-gavagnin\\\/\",\"url\":\"https:\\\/\\\/stg.visualarq.com\\\/fr\\\/project\\\/faro-de-bibione-andrea-gavagnin\\\/\",\"name\":\"Phare de Bibione, par Andrea Gavagnin - VisualARQ\",\"isPartOf\":{\"@id\":\"https:\\\/\\\/stg.visualarq.com\\\/fr\\\/#website\"},\"primaryImageOfPage\":{\"@id\":\"https:\\\/\\\/stg.visualarq.com\\\/fr\\\/project\\\/faro-de-bibione-andrea-gavagnin\\\/#primaryimage\"},\"image\":{\"@id\":\"https:\\\/\\\/stg.visualarq.com\\\/fr\\\/project\\\/faro-de-bibione-andrea-gavagnin\\\/#primaryimage\"},\"thumbnailUrl\":\"https:\\\/\\\/stg.visualarq.com\\\/wp-content\\\/uploads\\\/2019\\\/01\\\/23112985755_317856426b_z.jpg\",\"datePublished\":\"2017-04-09T00:00:00+00:00\",\"dateModified\":\"2019-01-01T22:39:49+00:00\",\"breadcrumb\":{\"@id\":\"https:\\\/\\\/stg.visualarq.com\\\/fr\\\/project\\\/faro-de-bibione-andrea-gavagnin\\\/#breadcrumb\"},\"inLanguage\":\"fr-FR\",\"potentialAction\":[{\"@type\":\"ReadAction\",\"target\":[\"https:\\\/\\\/stg.visualarq.com\\\/fr\\\/project\\\/faro-de-bibione-andrea-gavagnin\\\/\"]}]},{\"@type\":\"ImageObject\",\"inLanguage\":\"fr-FR\",\"@id\":\"https:\\\/\\\/stg.visualarq.com\\\/fr\\\/project\\\/faro-de-bibione-andrea-gavagnin\\\/#primaryimage\",\"url\":\"https:\\\/\\\/stg.visualarq.com\\\/wp-content\\\/uploads\\\/2019\\\/01\\\/23112985755_317856426b_z.jpg\",\"contentUrl\":\"https:\\\/\\\/stg.visualarq.com\\\/wp-content\\\/uploads\\\/2019\\\/01\\\/23112985755_317856426b_z.jpg\",\"width\":640,\"height\":476},{\"@type\":\"BreadcrumbList\",\"@id\":\"https:\\\/\\\/stg.visualarq.com\\\/fr\\\/project\\\/faro-de-bibione-andrea-gavagnin\\\/#breadcrumb\",\"itemListElement\":[{\"@type\":\"ListItem\",\"position\":1,\"name\":\"Home\",\"item\":\"https:\\\/\\\/stg.visualarq.com\\\/fr\\\/home\\\/\"},{\"@type\":\"ListItem\",\"position\":2,\"name\":\"Projets\",\"item\":\"https:\\\/\\\/stg.visualarq.com\\\/fr\\\/project\\\/\"},{\"@type\":\"ListItem\",\"position\":3,\"name\":\"Phare de Bibione, par Andrea Gavagnin\"}]},{\"@type\":\"WebSite\",\"@id\":\"https:\\\/\\\/stg.visualarq.com\\\/fr\\\/#website\",\"url\":\"https:\\\/\\\/stg.visualarq.com\\\/fr\\\/\",\"name\":\"VisualARQ\",\"description\":\"Flexible BIM for Rhino\",\"potentialAction\":[{\"@type\":\"SearchAction\",\"target\":{\"@type\":\"EntryPoint\",\"urlTemplate\":\"https:\\\/\\\/stg.visualarq.com\\\/fr\\\/?s={search_term_string}\"},\"query-input\":{\"@type\":\"PropertyValueSpecification\",\"valueRequired\":true,\"valueName\":\"search_term_string\"}}],\"inLanguage\":\"fr-FR\"}]}<\/script>\n<!-- \/ Yoast SEO plugin. -->","yoast_head_json":{"title":"Phare de Bibione, par Andrea Gavagnin - VisualARQ","robots":{"index":"noindex","follow":"follow","max-snippet":"max-snippet:-1","max-image-preview":"max-image-preview:large","max-video-preview":"max-video-preview:-1"},"og_locale":"fr_FR","og_type":"article","og_title":"Phare de Bibione, par Andrea Gavagnin - VisualARQ","og_description":"Ce projet montre le travail de Andrea Gavagnin, un architecte italien qui recr\u00e9e virtuellement des b\u00e2timents existants en collaboration avec l\u2019architecte Cristian Boscaro. Andrea et Cristian ont pr\u00e9sent\u00e9 ce projet lors du 11e RhinoDay de Padova, le 14 novembre 2015. Lors de cette pr\u00e9sentation ils ont montr\u00e9 comment Rhino, VisualARQ et Arena 4D les ont [&hellip;]","og_url":"https:\/\/stg.visualarq.com\/fr\/project\/faro-de-bibione-andrea-gavagnin\/","og_site_name":"VisualARQ","article_publisher":"https:\/\/www.facebook.com\/visualarq","article_modified_time":"2019-01-01T22:39:49+00:00","og_image":[{"width":640,"height":476,"url":"https:\/\/stg.visualarq.com\/wp-content\/uploads\/2019\/01\/23112985755_317856426b_z.jpg","type":"image\/jpeg"}],"twitter_card":"summary_large_image","twitter_site":"@VisualARQ","twitter_misc":{"Dur\u00e9e de lecture estim\u00e9e":"2 minutes"},"schema":{"@context":"https:\/\/schema.org","@graph":[{"@type":"WebPage","@id":"https:\/\/stg.visualarq.com\/fr\/project\/faro-de-bibione-andrea-gavagnin\/","url":"https:\/\/stg.visualarq.com\/fr\/project\/faro-de-bibione-andrea-gavagnin\/","name":"Phare de Bibione, par Andrea Gavagnin - VisualARQ","isPartOf":{"@id":"https:\/\/stg.visualarq.com\/fr\/#website"},"primaryImageOfPage":{"@id":"https:\/\/stg.visualarq.com\/fr\/project\/faro-de-bibione-andrea-gavagnin\/#primaryimage"},"image":{"@id":"https:\/\/stg.visualarq.com\/fr\/project\/faro-de-bibione-andrea-gavagnin\/#primaryimage"},"thumbnailUrl":"https:\/\/stg.visualarq.com\/wp-content\/uploads\/2019\/01\/23112985755_317856426b_z.jpg","datePublished":"2017-04-09T00:00:00+00:00","dateModified":"2019-01-01T22:39:49+00:00","breadcrumb":{"@id":"https:\/\/stg.visualarq.com\/fr\/project\/faro-de-bibione-andrea-gavagnin\/#breadcrumb"},"inLanguage":"fr-FR","potentialAction":[{"@type":"ReadAction","target":["https:\/\/stg.visualarq.com\/fr\/project\/faro-de-bibione-andrea-gavagnin\/"]}]},{"@type":"ImageObject","inLanguage":"fr-FR","@id":"https:\/\/stg.visualarq.com\/fr\/project\/faro-de-bibione-andrea-gavagnin\/#primaryimage","url":"https:\/\/stg.visualarq.com\/wp-content\/uploads\/2019\/01\/23112985755_317856426b_z.jpg","contentUrl":"https:\/\/stg.visualarq.com\/wp-content\/uploads\/2019\/01\/23112985755_317856426b_z.jpg","width":640,"height":476},{"@type":"BreadcrumbList","@id":"https:\/\/stg.visualarq.com\/fr\/project\/faro-de-bibione-andrea-gavagnin\/#breadcrumb","itemListElement":[{"@type":"ListItem","position":1,"name":"Home","item":"https:\/\/stg.visualarq.com\/fr\/home\/"},{"@type":"ListItem","position":2,"name":"Projets","item":"https:\/\/stg.visualarq.com\/fr\/project\/"},{"@type":"ListItem","position":3,"name":"Phare de Bibione, par Andrea Gavagnin"}]},{"@type":"WebSite","@id":"https:\/\/stg.visualarq.com\/fr\/#website","url":"https:\/\/stg.visualarq.com\/fr\/","name":"VisualARQ","description":"Flexible BIM for Rhino","potentialAction":[{"@type":"SearchAction","target":{"@type":"EntryPoint","urlTemplate":"https:\/\/stg.visualarq.com\/fr\/?s={search_term_string}"},"query-input":{"@type":"PropertyValueSpecification","valueRequired":true,"valueName":"search_term_string"}}],"inLanguage":"fr-FR"}]}},"_links":{"self":[{"href":"https:\/\/stg.visualarq.com\/fr\/wp-json\/wp\/v2\/project\/3507","targetHints":{"allow":["GET"]}}],"collection":[{"href":"https:\/\/stg.visualarq.com\/fr\/wp-json\/wp\/v2\/project"}],"about":[{"href":"https:\/\/stg.visualarq.com\/fr\/wp-json\/wp\/v2\/types\/project"}],"author":[{"embeddable":true,"href":"https:\/\/stg.visualarq.com\/fr\/wp-json\/wp\/v2\/users\/5"}],"replies":[{"embeddable":true,"href":"https:\/\/stg.visualarq.com\/fr\/wp-json\/wp\/v2\/comments?post=3507"}],"version-history":[{"count":0,"href":"https:\/\/stg.visualarq.com\/fr\/wp-json\/wp\/v2\/project\/3507\/revisions"}],"wp:featuredmedia":[{"embeddable":true,"href":"https:\/\/stg.visualarq.com\/fr\/wp-json\/wp\/v2\/media\/2802"}],"wp:attachment":[{"href":"https:\/\/stg.visualarq.com\/fr\/wp-json\/wp\/v2\/media?parent=3507"}],"wp:term":[{"taxonomy":"project_category","embeddable":true,"href":"https:\/\/stg.visualarq.com\/fr\/wp-json\/wp\/v2\/project_category?post=3507"},{"taxonomy":"project_tag","embeddable":true,"href":"https:\/\/stg.visualarq.com\/fr\/wp-json\/wp\/v2\/project_tag?post=3507"}],"curies":[{"name":"wp","href":"https:\/\/api.w.org\/{rel}","templated":true}]}}